{"id":78,"date":"2025-11-03T15:08:49","date_gmt":"2025-11-03T14:08:49","guid":{"rendered":"https:\/\/amilcaismael.com\/?page_id=78"},"modified":"2025-11-03T15:08:49","modified_gmt":"2025-11-03T14:08:49","slug":"efemera-liberdade","status":"publish","type":"page","link":"https:\/\/amilcaismael.com\/en\/efemera-liberdade\/","title":{"rendered":"Ef\u00e9mera Liberdade"},"content":{"rendered":"<p class=\"wp-block-paragraph\"><em>&#8220;Mesmo na escurid\u00e3o mais profunda, a dignidade do ser humano continua a respirar.&#8221;<\/em><br>Amilca Ismael<\/p>\n\n\n\n<figure class=\"wp-block-image size-full is-resized\"><img data-recalc-dims=\"1\" loading=\"lazy\" decoding=\"async\" width=\"400\" height=\"600\" data-attachment-id=\"80\" data-permalink=\"https:\/\/amilcaismael.com\/en\/efemera-liberdade\/image-3\/\" data-orig-file=\"https:\/\/i0.wp.com\/amilcaismael.com\/wp-content\/uploads\/2025\/11\/image.png?fit=400%2C600&amp;ssl=1\" data-orig-size=\"400,600\" data-comments-opened=\"1\" data-image-meta=\"{&quot;aperture&quot;:&quot;0&quot;,&quot;credit&quot;:&quot;&quot;,&quot;camera&quot;:&quot;&quot;,&quot;caption&quot;:&quot;&quot;,&quot;created_timestamp&quot;:&quot;0&quot;,&quot;copyright&quot;:&quot;&quot;,&quot;focal_length&quot;:&quot;0&quot;,&quot;iso&quot;:&quot;0&quot;,&quot;shutter_speed&quot;:&quot;0&quot;,&quot;title&quot;:&quot;&quot;,&quot;orientation&quot;:&quot;0&quot;}\" data-image-title=\"image\" data-image-description=\"\" data-image-caption=\"\" data-large-file=\"https:\/\/i0.wp.com\/amilcaismael.com\/wp-content\/uploads\/2025\/11\/image.png?fit=400%2C600&amp;ssl=1\" src=\"https:\/\/i0.wp.com\/amilcaismael.com\/wp-content\/uploads\/2025\/11\/image.png?resize=400%2C600&#038;ssl=1\" alt=\"\" class=\"wp-image-80\" style=\"aspect-ratio:0.6666535804020101;width:577px;height:auto\" srcset=\"https:\/\/i0.wp.com\/amilcaismael.com\/wp-content\/uploads\/2025\/11\/image.png?w=400&amp;ssl=1 400w, https:\/\/i0.wp.com\/amilcaismael.com\/wp-content\/uploads\/2025\/11\/image.png?resize=200%2C300&amp;ssl=1 200w\" sizes=\"auto, (max-width: 400px) 100vw, 400px\" \/><\/figure>\n\n\n\n<p class=\"wp-block-paragraph\"><\/p>\n\n\n\n<p class=\"wp-block-paragraph\"><\/p>\n\n\n\n<p class=\"wp-block-paragraph\">\u00c9 noite quando uma rapariga \u00e9 abandonada \u00e0 porta das urg\u00eancias de Turim.<br>O seu corpo est\u00e1 ferido, a respira\u00e7\u00e3o \u00e9 fr\u00e1gil, os olhos verdes fechados como portas seladas sobre o mist\u00e9rio.<br>Ningu\u00e9m sabe quem ela \u00e9. Ningu\u00e9m conhece o seu nome.<br>Para os m\u00e9dicos, \u00e9 apenas uma jovem mulher que luta para permanecer viva.<\/p>\n\n\n\n<p class=\"wp-block-paragraph\"><\/p>\n\n\n\n<p class=\"wp-block-paragraph\">Mas dentro dela, na fronteira subtil entre a vida e a morte, acende-se uma voz.<br>\u00c9 a voz da mem\u00f3ria que regressa, da dor que n\u00e3o quer calar.<br>Num mon\u00f3logo febril e vision\u00e1rio, a rapariga revive a viagem que a levou at\u00e9 ali: dez anos antes, um sonho de liberdade a conduzira para longe da sua aldeia africana, rumo \u00e0 Europa das promessas e das mentiras.<\/p>\n\n\n\n<p class=\"wp-block-paragraph\">O que a esperava n\u00e3o era a reden\u00e7\u00e3o, mas a escravid\u00e3o: o mundo brilhante e corrompido de homens que compram tudo, at\u00e9 a inoc\u00eancia.<br>Esmagada pelo horror, privada de tudo, a rapariga procura ref\u00fagio nas recorda\u00e7\u00f5es, nesse \u00fanico espa\u00e7o onde ningu\u00e9m a pode alcan\u00e7ar.<br>E nessa viagem interior, entre sombra e luz, compreende que a liberdade n\u00e3o \u00e9 um dom concedido \u2014 \u00e9 uma conquista que nasce da coragem de resistir.<\/p>\n\n\n\n<p class=\"wp-block-paragraph\"><strong>Ef\u00e9mera Liberdade<\/strong> \u00e9 uma ferida que fala, um grito que se torna palavra, uma ora\u00e7\u00e3o por todas as mulheres que conheceram o abismo e encontraram a for\u00e7a para voltar a respirar.<br>Um romance que n\u00e3o se esquece, porque toca o ponto mais profundo da alma: aquele em que a dor se torna verdade, e a verdade se torna vida.<\/p>","protected":false},"excerpt":{"rendered":"<p>&#8220;Mesmo na escurid\u00e3o mais profunda, a dignidade do ser humano continua a respirar.&#8221;Amilca Ismael \u00c9 noite quando uma rapariga \u00e9 abandonada \u00e0 porta das urg\u00eancias de Turim.O seu corpo est\u00e1 [&hellip;]<\/p>\n","protected":false},"author":5189419,"featured_media":0,"parent":0,"menu_order":0,"comment_status":"closed","ping_status":"closed","template":"","meta":{"advanced_seo_description":"","jetpack_seo_html_title":"","jetpack_seo_noindex":false,"jetpack_seo_schema_type":"","_EventAllDay":false,"_EventTimezone":"","_EventStartDate":"","_EventEndDate":"","_EventStartDateUTC":"","_EventEndDateUTC":"","_EventShowMap":false,"_EventShowMapLink":false,"_EventURL":"","_EventCost":"","_EventCostDescription":"","_EventCurrencySymbol":"","_EventCurrencyCode":"","_EventCurrencyPosition":"","_EventDateTimeSeparator":"","_EventTimeRangeSeparator":"","_EventOrganizerID":[],"_EventVenueID":[],"_OrganizerEmail":"","_OrganizerPhone":"","_OrganizerWebsite":"","_VenueAddress":"","_VenueCity":"","_VenueCountry":"","_VenueProvince":"","_VenueState":"","_VenueZip":"","_VenuePhone":"","_VenueURL":"","_VenueStateProvince":"","_VenueLat":"","_VenueLng":"","_VenueShowMap":false,"_VenueShowMapLink":false,"_wpcom_ai_launchpad_about_page":false,"_wpcom_ai_launchpad_gallery_page":false,"_wpcom_ai_launchpad_contact_page":false,"_wpcom_ai_launchpad_events_page":false,"_wpcom_ai_launchpad_video_page":false,"_wpcom_ai_launchpad_portfolio_piece":false,"footnotes":""},"class_list":["post-78","page","type-page","status-publish","hentry"],"jetpack_likes_enabled":true,"jetpack_sharing_enabled":true,"jetpack_shortlink":"https:\/\/wp.me\/PgTszU-1g","jetpack-related-posts":[],"_links":{"self":[{"href":"https:\/\/amilcaismael.com\/en\/wp-json\/wp\/v2\/pages\/78","targetHints":{"allow":["GET"]}}],"collection":[{"href":"https:\/\/amilcaismael.com\/en\/wp-json\/wp\/v2\/pages"}],"about":[{"href":"https:\/\/amilcaismael.com\/en\/wp-json\/wp\/v2\/types\/page"}],"author":[{"embeddable":true,"href":"https:\/\/amilcaismael.com\/en\/wp-json\/wp\/v2\/users\/5189419"}],"replies":[{"embeddable":true,"href":"https:\/\/amilcaismael.com\/en\/wp-json\/wp\/v2\/comments?post=78"}],"version-history":[{"count":2,"href":"https:\/\/amilcaismael.com\/en\/wp-json\/wp\/v2\/pages\/78\/revisions"}],"predecessor-version":[{"id":81,"href":"https:\/\/amilcaismael.com\/en\/wp-json\/wp\/v2\/pages\/78\/revisions\/81"}],"wp:attachment":[{"href":"https:\/\/amilcaismael.com\/en\/wp-json\/wp\/v2\/media?parent=78"}],"curies":[{"name":"wp","href":"https:\/\/api.w.org\/{rel}","templated":true}]}}